{"id":1436,"date":"2020-11-26T10:02:12","date_gmt":"2020-11-26T09:02:12","guid":{"rendered":"https:\/\/www.mib-industriebeteiligungen.de\/unternehmen\/aktuelles-presse\/"},"modified":"2025-11-17T17:26:33","modified_gmt":"2025-11-17T16:26:33","slug":"news-press","status":"publish","type":"page","link":"https:\/\/www.mib-industriebeteiligungen.de\/en\/company\/news-press\/","title":{"rendered":"News &#038; Press"},"content":{"rendered":"<div id='layer_slider_1'  class='avia-layerslider main_color avia-shadow  avia-builder-el-0  el_before_av_section  avia-builder-el-first  container_wrap fullsize'  style='height: 221px; max-width: 1920px; margin: 0 auto;'  ><\/div>\n<div id='av_section_1'  class='avia-section av-21xw9-54beeedecc5e2ef936407368aa4db16d main_color avia-section-default avia-no-border-styling  avia-builder-el-1  el_after_av_layerslider  el_before_av_section  spb-0 avia-bg-style-scroll container_wrap fullsize'  ><div class='container av-section-cont-open' ><div class='template-page content  av-content-full alpha units'><div class='post-entry post-entry-type-page post-entry-1436'><div class='entry-content-wrapper clearfix'>\n\n<style type=\"text\/css\" data-created_by=\"avia_inline_auto\" id=\"style-css-av-1qsql-d9a763b96b91e69a8339378d089737a3\">\n.flex_column.av-1qsql-d9a763b96b91e69a8339378d089737a3{\nborder-radius:0px 0px 0px 0px;\npadding:0px 0px 0px 0px;\n}\n<\/style>\n<div  class='flex_column av-1qsql-d9a763b96b91e69a8339378d089737a3 av_one_full  avia-builder-el-2  el_before_av_one_half  avia-builder-el-first  first flex_column_div av-zero-column-padding  '     ><style type=\"text\/css\" data-created_by=\"avia_inline_auto\" id=\"style-css-av-7jwiz-7e6c20bf247cb1e1f09eaf30d3406fdb\">\n#top .av-special-heading.av-7jwiz-7e6c20bf247cb1e1f09eaf30d3406fdb{\npadding-bottom:28px;\n}\nbody .av-special-heading.av-7jwiz-7e6c20bf247cb1e1f09eaf30d3406fdb .av-special-heading-tag .heading-char{\nfont-size:25px;\n}\n.av-special-heading.av-7jwiz-7e6c20bf247cb1e1f09eaf30d3406fdb .av-subheading{\nfont-size:27px;\n}\n<\/style>\n<div  class='av-special-heading av-7jwiz-7e6c20bf247cb1e1f09eaf30d3406fdb av-special-heading-h1 blockquote modern-quote modern-centered  avia-builder-el-3  avia-builder-el-no-sibling  av-linked-heading'><h1 class='av-special-heading-tag '  itemprop=\"headline\"  >News<\/h1><div class='av-subheading av-subheading_below'><p>Stay up to date<\/p>\n<\/div><div class=\"special-heading-border\"><div class=\"special-heading-inner-border\"><\/div><\/div><\/div><\/div>\n<style type=\"text\/css\" data-created_by=\"avia_inline_auto\" id=\"style-css-av-63gh-b32b92e34234f2ddd2e0ef57115a6910\">\n.flex_column.av-63gh-b32b92e34234f2ddd2e0ef57115a6910{\nborder-radius:0px 0px 0px 0px;\npadding:0px 0px 0px 0px;\n}\n<\/style>\n<div  class='flex_column av-63gh-b32b92e34234f2ddd2e0ef57115a6910 av_one_half  avia-builder-el-4  el_after_av_one_full  el_before_av_one_half  first flex_column_div av-zero-column-padding  column-top-margin'     ><section  class='av_textblock_section av-k0qohpy6-0571a60ac664661582c3c4c4ee8c9399 '   itemscope=\"itemscope\" itemtype=\"https:\/\/schema.org\/CreativeWork\" ><div class='avia_textblock'  itemprop=\"text\" ><p>Whether it&#8217;s a new investment in a company or news from the companies we partner with: Here you will find all the news publications relating to the work of MIB.<\/p>\n<\/div><\/section><\/div>\n<style type=\"text\/css\" data-created_by=\"avia_inline_auto\" id=\"style-css-av-v3m1-1316b1976b6671fbccc9e4c6ad09a45e\">\n.flex_column.av-v3m1-1316b1976b6671fbccc9e4c6ad09a45e{\nborder-radius:0px 0px 0px 0px;\npadding:0px 0px 0px 0px;\n}\n<\/style>\n<div  class='flex_column av-v3m1-1316b1976b6671fbccc9e4c6ad09a45e av_one_half  avia-builder-el-6  el_after_av_one_half  avia-builder-el-last  flex_column_div av-zero-column-padding  column-top-margin'     ><section  class='av_textblock_section av-k0qohxyi-d4d1fc0d760d6abeb7b0a7f571df3817 '   itemscope=\"itemscope\" itemtype=\"https:\/\/schema.org\/CreativeWork\" ><div class='avia_textblock'  itemprop=\"text\" ><p>If you have any questions about a specific text, we will be happy to answer them. Simply <a href=\"https:\/\/www.mib-industriebeteiligungen.de\/en\/contact\/\">get in touch<\/a> with MIB. We look forward to meeting you!<\/p>\n<\/div><\/section><\/div><\/div><\/div><\/div><!-- close content main div --><\/div><\/div><div id='av_section_2'  class='avia-section av-bgp77-1c5498dea97c4d1487022e53eacab46b main_color avia-section-default avia-no-border-styling  avia-builder-el-8  el_after_av_section  avia-builder-el-last  avia-bg-style-scroll container_wrap fullsize'  ><div class='container av-section-cont-open' ><div class='template-page content  av-content-full alpha units'><div class='post-entry post-entry-type-page post-entry-1436'><div class='entry-content-wrapper clearfix'>\n\n<style type=\"text\/css\" data-created_by=\"avia_inline_auto\" id=\"style-css-av-7cler-3fe24841cae2b436951b7f9f08ed44cc\">\n.flex_column.av-7cler-3fe24841cae2b436951b7f9f08ed44cc{\nborder-radius:0px 0px 0px 0px;\npadding:0px 0px 0px 0px;\n}\n<\/style>\n<div  class='flex_column av-7cler-3fe24841cae2b436951b7f9f08ed44cc av_one_full  avia-builder-el-9  avia-builder-el-no-sibling  first flex_column_div av-zero-column-padding  '     ><div   data-autoplay=''  data-interval='5'  data-animation='fade'  data-show_slide_delay='90'  class='avia-content-slider avia-content-grid-active avia-content-slider1 avia-content-slider-odd  avia-builder-el-10  avia-builder-el-no-sibling  '  itemscope=\"itemscope\" itemtype=\"https:\/\/schema.org\/Blog\" ><div class='avia-content-slider-inner'><div class='slide-entry-wrap'><article class='slide-entry flex_column  post-entry post-entry-3129 slide-entry-overview slide-loop-1 slide-parity-odd  av_one_third first real-thumbnail post-format-standard'  itemscope=\"itemscope\" itemtype=\"https:\/\/schema.org\/CreativeWork\" ><a href='https:\/\/www.mib-industriebeteiligungen.de\/en\/unternehmen\/aktuelles-presse\/karsten-puck-joins-schwarz-shielding-systems-as-new-managing-director-on-october-1-2025\/' data-rel='slide-1' class='slide-image' title='Karsten Puck joins Schwarz Shielding Systems as new managing director on October 1, 2025'><img decoding=\"async\" fetchpriority=\"high\" width=\"700\" height=\"472\" src=\"https:\/\/www.mib-industriebeteiligungen.de\/wp-content\/uploads\/2025\/11\/schwarz-shielding-systems-neuer-gf.jpg\" class=\"wp-image-3117 avia-img-lazy-loading-not-3117 attachment-no scaling size-no scaling wp-post-image\" alt=\"\" srcset=\"https:\/\/www.mib-industriebeteiligungen.de\/wp-content\/uploads\/2025\/11\/schwarz-shielding-systems-neuer-gf.jpg 700w, https:\/\/www.mib-industriebeteiligungen.de\/wp-content\/uploads\/2025\/11\/schwarz-shielding-systems-neuer-gf-300x202.jpg 300w\" sizes=\"(max-width: 700px) 100vw, 700px\" \/><\/a><div class='slide-content'><header class=\"entry-content-header\"><h3 class='slide-entry-title entry-title '  itemprop=\"headline\" ><a href='https:\/\/www.mib-industriebeteiligungen.de\/en\/unternehmen\/aktuelles-presse\/karsten-puck-joins-schwarz-shielding-systems-as-new-managing-director-on-october-1-2025\/' title='Karsten Puck joins Schwarz Shielding Systems as new managing director on October 1, 2025'>Karsten Puck joins Schwarz Shielding Systems as new managing director on October 1, 2025<\/a><\/h3><span class=\"av-vertical-delimiter\"><\/span><\/header><div class='slide-meta'><time class='slide-meta-time updated'  itemprop=\"datePublished\" datetime=\"2025-11-24T11:47:20+01:00\" >24. November 2025<\/time><\/div><div class='slide-entry-excerpt entry-content'  itemprop=\"text\" >Zum 1. Oktober 2025 \u00fcbergab Herr Marco Rousseau die operative Gesch\u00e4ftsf\u00fchrung der Schwarz Shielding Systems an Herrn Karsten Puck.<div class=\"read-more-link\"><a href=\"https:\/\/www.mib-industriebeteiligungen.de\/en\/unternehmen\/aktuelles-presse\/karsten-puck-joins-schwarz-shielding-systems-as-new-managing-director-on-october-1-2025\/\" class=\"more-link\">Read more<span class=\"more-link-arrow\"><\/span><\/a><\/div><\/div><\/div><footer class=\"entry-footer\"><\/footer><span class='hidden'>\n\t\t\t\t<span class='av-structured-data'  itemprop=\"image\" itemscope=\"itemscope\" itemtype=\"https:\/\/schema.org\/ImageObject\" >\n\t\t\t\t\t\t<span itemprop='url'>https:\/\/www.mib-industriebeteiligungen.de\/wp-content\/uploads\/2025\/11\/schwarz-shielding-systems-neuer-gf.jpg<\/span>\n\t\t\t\t\t\t<span itemprop='height'>472<\/span>\n\t\t\t\t\t\t<span itemprop='width'>700<\/span>\n\t\t\t\t<\/span>\n\t\t\t\t<span class='av-structured-data'  itemprop=\"publisher\" itemtype=\"https:\/\/schema.org\/Organization\" itemscope=\"itemscope\" >\n\t\t\t\t\t\t<span itemprop='name'>pixel-admin<\/span>\n\t\t\t\t\t\t<span itemprop='logo' itemscope itemtype='https:\/\/schema.org\/ImageObject'>\n\t\t\t\t\t\t\t<span itemprop='url'>https:\/\/www.mib-industriebeteiligungen.de\/wp-content\/uploads\/2019\/09\/mib_logo.svg<\/span>\n\t\t\t\t\t\t<\/span>\n\t\t\t\t<\/span><span class='av-structured-data'  itemprop=\"author\" itemscope=\"itemscope\" itemtype=\"https:\/\/schema.org\/Person\" ><span itemprop='name'>pixel-admin<\/span><\/span><span class='av-structured-data'  itemprop=\"datePublished\" datetime=\"2020-11-26T10:02:12+01:00\" >2025-11-24 11:47:20<\/span><span class='av-structured-data'  itemprop=\"dateModified\" itemtype=\"https:\/\/schema.org\/dateModified\" >2025-11-24 14:50:09<\/span><span class='av-structured-data'  itemprop=\"mainEntityOfPage\" itemtype=\"https:\/\/schema.org\/mainEntityOfPage\" ><span itemprop='name'>Karsten Puck joins Schwarz Shielding Systems as new managing director on October 1, 2025<\/span><\/span><\/span><\/article><article class='slide-entry flex_column  post-entry post-entry-2517 slide-entry-overview slide-loop-2 slide-parity-even  av_one_third  real-thumbnail post-format-standard'  itemscope=\"itemscope\" itemtype=\"https:\/\/schema.org\/CreativeWork\" ><a href='https:\/\/www.mib-industriebeteiligungen.de\/en\/unternehmen\/aktuelles-presse\/pro-eff-group-in-minden-under-new-management\/' data-rel='slide-1' class='slide-image' title='PRO.EFF Group in Minden under new management'><img decoding=\"async\" fetchpriority=\"high\" width=\"1334\" height=\"900\" src=\"https:\/\/www.mib-industriebeteiligungen.de\/wp-content\/uploads\/2023\/04\/proeff-gruppe-unter-neuer-fuehrung.jpg\" class=\"wp-image-2580 avia-img-lazy-loading-not-2580 attachment-no scaling size-no scaling wp-post-image\" alt=\"\" srcset=\"https:\/\/www.mib-industriebeteiligungen.de\/wp-content\/uploads\/2023\/04\/proeff-gruppe-unter-neuer-fuehrung.jpg 1334w, https:\/\/www.mib-industriebeteiligungen.de\/wp-content\/uploads\/2023\/04\/proeff-gruppe-unter-neuer-fuehrung-300x202.jpg 300w, https:\/\/www.mib-industriebeteiligungen.de\/wp-content\/uploads\/2023\/04\/proeff-gruppe-unter-neuer-fuehrung-1030x695.jpg 1030w, https:\/\/www.mib-industriebeteiligungen.de\/wp-content\/uploads\/2023\/04\/proeff-gruppe-unter-neuer-fuehrung-768x518.jpg 768w, https:\/\/www.mib-industriebeteiligungen.de\/wp-content\/uploads\/2023\/04\/proeff-gruppe-unter-neuer-fuehrung-705x476.jpg 705w\" sizes=\"(max-width: 1334px) 100vw, 1334px\" \/><\/a><div class='slide-content'><header class=\"entry-content-header\"><h3 class='slide-entry-title entry-title '  itemprop=\"headline\" ><a href='https:\/\/www.mib-industriebeteiligungen.de\/en\/unternehmen\/aktuelles-presse\/pro-eff-group-in-minden-under-new-management\/' title='PRO.EFF Group in Minden under new management'>PRO.EFF Group in Minden under new management<\/a><\/h3><span class=\"av-vertical-delimiter\"><\/span><\/header><div class='slide-meta'><time class='slide-meta-time updated'  itemprop=\"datePublished\" datetime=\"2023-03-21T10:19:14+01:00\" >21. March 2023<\/time><\/div><div class='slide-entry-excerpt entry-content'  itemprop=\"text\" >The Wuppertal-based MIB Industriebeteiligungen GmbH & Co. KG takes over the internationally operating PRO.EFF GmbH, an innovative company in the field of special machine construction, from the founder and long-time managing director Ulrich Pumpe.<div class=\"read-more-link\"><a href=\"https:\/\/www.mib-industriebeteiligungen.de\/en\/unternehmen\/aktuelles-presse\/pro-eff-group-in-minden-under-new-management\/\" class=\"more-link\">Read more<span class=\"more-link-arrow\"><\/span><\/a><\/div><\/div><\/div><footer class=\"entry-footer\"><\/footer><span class='hidden'>\n\t\t\t\t<span class='av-structured-data'  itemprop=\"image\" itemscope=\"itemscope\" itemtype=\"https:\/\/schema.org\/ImageObject\" >\n\t\t\t\t\t\t<span itemprop='url'>https:\/\/www.mib-industriebeteiligungen.de\/wp-content\/uploads\/2023\/04\/proeff-gruppe-unter-neuer-fuehrung.jpg<\/span>\n\t\t\t\t\t\t<span itemprop='height'>900<\/span>\n\t\t\t\t\t\t<span itemprop='width'>1334<\/span>\n\t\t\t\t<\/span>\n\t\t\t\t<span class='av-structured-data'  itemprop=\"publisher\" itemtype=\"https:\/\/schema.org\/Organization\" itemscope=\"itemscope\" >\n\t\t\t\t\t\t<span itemprop='name'>pixel-admin<\/span>\n\t\t\t\t\t\t<span itemprop='logo' itemscope itemtype='https:\/\/schema.org\/ImageObject'>\n\t\t\t\t\t\t\t<span itemprop='url'>https:\/\/www.mib-industriebeteiligungen.de\/wp-content\/uploads\/2019\/09\/mib_logo.svg<\/span>\n\t\t\t\t\t\t<\/span>\n\t\t\t\t<\/span><span class='av-structured-data'  itemprop=\"author\" itemscope=\"itemscope\" itemtype=\"https:\/\/schema.org\/Person\" ><span itemprop='name'>pixel-admin<\/span><\/span><span class='av-structured-data'  itemprop=\"datePublished\" datetime=\"2020-11-26T10:02:12+01:00\" >2023-03-21 10:19:14<\/span><span class='av-structured-data'  itemprop=\"dateModified\" itemtype=\"https:\/\/schema.org\/dateModified\" >2023-04-04 08:35:03<\/span><span class='av-structured-data'  itemprop=\"mainEntityOfPage\" itemtype=\"https:\/\/schema.org\/mainEntityOfPage\" ><span itemprop='name'>PRO.EFF Group in Minden under new management<\/span><\/span><\/span><\/article><article class='slide-entry flex_column  post-entry post-entry-2303 slide-entry-overview slide-loop-3 slide-parity-odd  av_one_third  real-thumbnail post-format-standard'  itemscope=\"itemscope\" itemtype=\"https:\/\/schema.org\/CreativeWork\" ><a href='https:\/\/www.mib-industriebeteiligungen.de\/en\/unternehmen\/aktuelles-presse\/expansion-continues-with-new-management-michael-sendermann-strengthens-kaschwig-schallschutz\/' data-rel='slide-1' class='slide-image' title='Expansion continues with new management: Michael Sendermann strengthens Kaschwig Schallschutz'><img decoding=\"async\" fetchpriority=\"high\" width=\"667\" height=\"450\" src=\"https:\/\/www.mib-industriebeteiligungen.de\/wp-content\/uploads\/2022\/05\/mib_aktuelles_neuer-geschaeftsfuehrer-kaschwig.jpg\" class=\"wp-image-2275 avia-img-lazy-loading-not-2275 attachment-no scaling size-no scaling wp-post-image\" alt=\"\" srcset=\"https:\/\/www.mib-industriebeteiligungen.de\/wp-content\/uploads\/2022\/05\/mib_aktuelles_neuer-geschaeftsfuehrer-kaschwig.jpg 667w, https:\/\/www.mib-industriebeteiligungen.de\/wp-content\/uploads\/2022\/05\/mib_aktuelles_neuer-geschaeftsfuehrer-kaschwig-300x202.jpg 300w\" sizes=\"(max-width: 667px) 100vw, 667px\" \/><\/a><div class='slide-content'><header class=\"entry-content-header\"><h3 class='slide-entry-title entry-title '  itemprop=\"headline\" ><a href='https:\/\/www.mib-industriebeteiligungen.de\/en\/unternehmen\/aktuelles-presse\/expansion-continues-with-new-management-michael-sendermann-strengthens-kaschwig-schallschutz\/' title='Expansion continues with new management: Michael Sendermann strengthens Kaschwig Schallschutz'>Expansion continues with new management: Michael Sendermann strengthens Kaschwig Schallschutz<\/a><\/h3><span class=\"av-vertical-delimiter\"><\/span><\/header><div class='slide-meta'><time class='slide-meta-time updated'  itemprop=\"datePublished\" datetime=\"2022-05-24T10:17:32+02:00\" >24. May 2022<\/time><\/div><div class='slide-entry-excerpt entry-content'  itemprop=\"text\" >Since mid-March, Michael Sendermann has strengthened the management of R. Kaschwig Schallschutztechnik GmbH.<div class=\"read-more-link\"><a href=\"https:\/\/www.mib-industriebeteiligungen.de\/en\/unternehmen\/aktuelles-presse\/expansion-continues-with-new-management-michael-sendermann-strengthens-kaschwig-schallschutz\/\" class=\"more-link\">Read more<span class=\"more-link-arrow\"><\/span><\/a><\/div><\/div><\/div><footer class=\"entry-footer\"><\/footer><span class='hidden'>\n\t\t\t\t<span class='av-structured-data'  itemprop=\"image\" itemscope=\"itemscope\" itemtype=\"https:\/\/schema.org\/ImageObject\" >\n\t\t\t\t\t\t<span itemprop='url'>https:\/\/www.mib-industriebeteiligungen.de\/wp-content\/uploads\/2022\/05\/mib_aktuelles_neuer-geschaeftsfuehrer-kaschwig.jpg<\/span>\n\t\t\t\t\t\t<span itemprop='height'>450<\/span>\n\t\t\t\t\t\t<span itemprop='width'>667<\/span>\n\t\t\t\t<\/span>\n\t\t\t\t<span class='av-structured-data'  itemprop=\"publisher\" itemtype=\"https:\/\/schema.org\/Organization\" itemscope=\"itemscope\" >\n\t\t\t\t\t\t<span itemprop='name'>pixel-admin<\/span>\n\t\t\t\t\t\t<span itemprop='logo' itemscope itemtype='https:\/\/schema.org\/ImageObject'>\n\t\t\t\t\t\t\t<span itemprop='url'>https:\/\/www.mib-industriebeteiligungen.de\/wp-content\/uploads\/2019\/09\/mib_logo.svg<\/span>\n\t\t\t\t\t\t<\/span>\n\t\t\t\t<\/span><span class='av-structured-data'  itemprop=\"author\" itemscope=\"itemscope\" itemtype=\"https:\/\/schema.org\/Person\" ><span itemprop='name'>pixel-admin<\/span><\/span><span class='av-structured-data'  itemprop=\"datePublished\" datetime=\"2020-11-26T10:02:12+01:00\" >2022-05-24 10:17:32<\/span><span class='av-structured-data'  itemprop=\"dateModified\" itemtype=\"https:\/\/schema.org\/dateModified\" >2022-05-24 11:08:46<\/span><span class='av-structured-data'  itemprop=\"mainEntityOfPage\" itemtype=\"https:\/\/schema.org\/mainEntityOfPage\" ><span itemprop='name'>Expansion continues with new management: Michael Sendermann strengthens Kaschwig Schallschutz<\/span><\/span><\/span><\/article><\/div><div class='slide-entry-wrap'><article class='slide-entry flex_column  post-entry post-entry-1626 slide-entry-overview slide-loop-4 slide-parity-odd  av_one_third first real-thumbnail post-format-standard'  itemscope=\"itemscope\" itemtype=\"https:\/\/schema.org\/CreativeWork\" ><a href='https:\/\/www.mib-industriebeteiligungen.de\/en\/unternehmen\/aktuelles-presse\/mib-acquires-verpackungstechnik-frielinghaus-gmbh-in-zuelpich\/' data-rel='slide-1' class='slide-image' title='MIB acquires Verpackungstechnik Frielinghaus GmbH in Zuelpich'><img decoding=\"async\" fetchpriority=\"high\" width=\"667\" height=\"450\" src=\"https:\/\/www.mib-industriebeteiligungen.de\/wp-content\/uploads\/2020\/12\/mib_aktuelles_mib-uebernimmt-vtf.jpg\" class=\"wp-image-1368 avia-img-lazy-loading-not-1368 attachment-no scaling size-no scaling wp-post-image\" alt=\"\" srcset=\"https:\/\/www.mib-industriebeteiligungen.de\/wp-content\/uploads\/2020\/12\/mib_aktuelles_mib-uebernimmt-vtf.jpg 667w, https:\/\/www.mib-industriebeteiligungen.de\/wp-content\/uploads\/2020\/12\/mib_aktuelles_mib-uebernimmt-vtf-300x202.jpg 300w\" sizes=\"(max-width: 667px) 100vw, 667px\" \/><\/a><div class='slide-content'><header class=\"entry-content-header\"><h3 class='slide-entry-title entry-title '  itemprop=\"headline\" ><a href='https:\/\/www.mib-industriebeteiligungen.de\/en\/unternehmen\/aktuelles-presse\/mib-acquires-verpackungstechnik-frielinghaus-gmbh-in-zuelpich\/' title='MIB acquires Verpackungstechnik Frielinghaus GmbH in Zuelpich'>MIB acquires Verpackungstechnik Frielinghaus GmbH in Zuelpich<\/a><\/h3><span class=\"av-vertical-delimiter\"><\/span><\/header><div class='slide-meta'><time class='slide-meta-time updated'  itemprop=\"datePublished\" datetime=\"2021-01-04T12:28:53+01:00\" >4. January 2021<\/time><\/div><div class='slide-entry-excerpt entry-content'  itemprop=\"text\" >The Wuppertal-based MIB Industriebeteiligungen GmbH & Co. KG acquires a leading supplier of hollow plastic bodies and packaging.<div class=\"read-more-link\"><a href=\"https:\/\/www.mib-industriebeteiligungen.de\/en\/unternehmen\/aktuelles-presse\/mib-acquires-verpackungstechnik-frielinghaus-gmbh-in-zuelpich\/\" class=\"more-link\">Read more<span class=\"more-link-arrow\"><\/span><\/a><\/div><\/div><\/div><footer class=\"entry-footer\"><\/footer><span class='hidden'>\n\t\t\t\t<span class='av-structured-data'  itemprop=\"image\" itemscope=\"itemscope\" itemtype=\"https:\/\/schema.org\/ImageObject\" >\n\t\t\t\t\t\t<span itemprop='url'>https:\/\/www.mib-industriebeteiligungen.de\/wp-content\/uploads\/2020\/12\/mib_aktuelles_mib-uebernimmt-vtf.jpg<\/span>\n\t\t\t\t\t\t<span itemprop='height'>450<\/span>\n\t\t\t\t\t\t<span itemprop='width'>667<\/span>\n\t\t\t\t<\/span>\n\t\t\t\t<span class='av-structured-data'  itemprop=\"publisher\" itemtype=\"https:\/\/schema.org\/Organization\" itemscope=\"itemscope\" >\n\t\t\t\t\t\t<span itemprop='name'>pixel-admin<\/span>\n\t\t\t\t\t\t<span itemprop='logo' itemscope itemtype='https:\/\/schema.org\/ImageObject'>\n\t\t\t\t\t\t\t<span itemprop='url'>https:\/\/www.mib-industriebeteiligungen.de\/wp-content\/uploads\/2019\/09\/mib_logo.svg<\/span>\n\t\t\t\t\t\t<\/span>\n\t\t\t\t<\/span><span class='av-structured-data'  itemprop=\"author\" itemscope=\"itemscope\" itemtype=\"https:\/\/schema.org\/Person\" ><span itemprop='name'>pixel-admin<\/span><\/span><span class='av-structured-data'  itemprop=\"datePublished\" datetime=\"2020-11-26T10:02:12+01:00\" >2021-01-04 12:28:53<\/span><span class='av-structured-data'  itemprop=\"dateModified\" itemtype=\"https:\/\/schema.org\/dateModified\" >2021-05-31 12:50:07<\/span><span class='av-structured-data'  itemprop=\"mainEntityOfPage\" itemtype=\"https:\/\/schema.org\/mainEntityOfPage\" ><span itemprop='name'>MIB acquires Verpackungstechnik Frielinghaus GmbH in Zuelpich<\/span><\/span><\/span><\/article><article class='slide-entry flex_column  post-entry post-entry-1629 slide-entry-overview slide-loop-5 slide-parity-even  av_one_third  real-thumbnail post-format-standard'  itemscope=\"itemscope\" itemtype=\"https:\/\/schema.org\/CreativeWork\" ><a href='https:\/\/www.mib-industriebeteiligungen.de\/en\/unternehmen\/aktuelles-presse\/mib-acquires-the-kaschwig-group\/' data-rel='slide-1' class='slide-image' title='MIB acquires the Kaschwig Group'><img decoding=\"async\" fetchpriority=\"high\" width=\"667\" height=\"450\" src=\"https:\/\/www.mib-industriebeteiligungen.de\/wp-content\/uploads\/2020\/12\/mib_aktuelles_mib-uebernimmt-kaschwig.jpg\" class=\"wp-image-1374 avia-img-lazy-loading-not-1374 attachment-no scaling size-no scaling wp-post-image\" alt=\"\" srcset=\"https:\/\/www.mib-industriebeteiligungen.de\/wp-content\/uploads\/2020\/12\/mib_aktuelles_mib-uebernimmt-kaschwig.jpg 667w, https:\/\/www.mib-industriebeteiligungen.de\/wp-content\/uploads\/2020\/12\/mib_aktuelles_mib-uebernimmt-kaschwig-300x202.jpg 300w\" sizes=\"(max-width: 667px) 100vw, 667px\" \/><\/a><div class='slide-content'><header class=\"entry-content-header\"><h3 class='slide-entry-title entry-title '  itemprop=\"headline\" ><a href='https:\/\/www.mib-industriebeteiligungen.de\/en\/unternehmen\/aktuelles-presse\/mib-acquires-the-kaschwig-group\/' title='MIB acquires the Kaschwig Group'>MIB acquires the Kaschwig Group<\/a><\/h3><span class=\"av-vertical-delimiter\"><\/span><\/header><div class='slide-meta'><time class='slide-meta-time updated'  itemprop=\"datePublished\" datetime=\"2020-12-14T14:40:38+01:00\" >14. December 2020<\/time><\/div><div class='slide-entry-excerpt entry-content'  itemprop=\"text\" >The Wuppertal-based MIB Industriebeteiligungen GmbH & Co. KG acquires the noise protection specialist based in Muensterland on 15 May 2020. The company develops and produces individual solutions for numerous industries.<div class=\"read-more-link\"><a href=\"https:\/\/www.mib-industriebeteiligungen.de\/en\/unternehmen\/aktuelles-presse\/mib-acquires-the-kaschwig-group\/\" class=\"more-link\">Read more<span class=\"more-link-arrow\"><\/span><\/a><\/div><\/div><\/div><footer class=\"entry-footer\"><\/footer><span class='hidden'>\n\t\t\t\t<span class='av-structured-data'  itemprop=\"image\" itemscope=\"itemscope\" itemtype=\"https:\/\/schema.org\/ImageObject\" >\n\t\t\t\t\t\t<span itemprop='url'>https:\/\/www.mib-industriebeteiligungen.de\/wp-content\/uploads\/2020\/12\/mib_aktuelles_mib-uebernimmt-kaschwig.jpg<\/span>\n\t\t\t\t\t\t<span itemprop='height'>450<\/span>\n\t\t\t\t\t\t<span itemprop='width'>667<\/span>\n\t\t\t\t<\/span>\n\t\t\t\t<span class='av-structured-data'  itemprop=\"publisher\" itemtype=\"https:\/\/schema.org\/Organization\" itemscope=\"itemscope\" >\n\t\t\t\t\t\t<span itemprop='name'>pixel-admin<\/span>\n\t\t\t\t\t\t<span itemprop='logo' itemscope itemtype='https:\/\/schema.org\/ImageObject'>\n\t\t\t\t\t\t\t<span itemprop='url'>https:\/\/www.mib-industriebeteiligungen.de\/wp-content\/uploads\/2019\/09\/mib_logo.svg<\/span>\n\t\t\t\t\t\t<\/span>\n\t\t\t\t<\/span><span class='av-structured-data'  itemprop=\"author\" itemscope=\"itemscope\" itemtype=\"https:\/\/schema.org\/Person\" ><span itemprop='name'>pixel-admin<\/span><\/span><span class='av-structured-data'  itemprop=\"datePublished\" datetime=\"2020-11-26T10:02:12+01:00\" >2020-12-14 14:40:38<\/span><span class='av-structured-data'  itemprop=\"dateModified\" itemtype=\"https:\/\/schema.org\/dateModified\" >2021-05-31 12:51:02<\/span><span class='av-structured-data'  itemprop=\"mainEntityOfPage\" itemtype=\"https:\/\/schema.org\/mainEntityOfPage\" ><span itemprop='name'>MIB acquires the Kaschwig Group<\/span><\/span><\/span><\/article><article class='slide-entry flex_column  post-entry post-entry-1634 slide-entry-overview slide-loop-6 slide-parity-odd  av_one_third  real-thumbnail post-format-link'  itemscope=\"itemscope\" itemtype=\"https:\/\/schema.org\/CreativeWork\" ><a href='https:\/\/www.mib-industriebeteiligungen.de\/wp-content\/uploads\/2020\/11\/Unternehmeredition-3-2020_Das_Lebenswerk_in_die_richtigen_Haende_legen.pdf' data-rel='slide-1' class='slide-image' title='Putting your life&#8217;s work in the right hands'><img decoding=\"async\" fetchpriority=\"high\" width=\"667\" height=\"450\" src=\"https:\/\/www.mib-industriebeteiligungen.de\/wp-content\/uploads\/2020\/11\/mib_aktuelles_investoren-mittelstand.jpg\" class=\"wp-image-1357 avia-img-lazy-loading-not-1357 attachment-no scaling size-no scaling wp-post-image\" alt=\"\" srcset=\"https:\/\/www.mib-industriebeteiligungen.de\/wp-content\/uploads\/2020\/11\/mib_aktuelles_investoren-mittelstand.jpg 667w, https:\/\/www.mib-industriebeteiligungen.de\/wp-content\/uploads\/2020\/11\/mib_aktuelles_investoren-mittelstand-300x202.jpg 300w\" sizes=\"(max-width: 667px) 100vw, 667px\" \/><\/a><div class='slide-content'><header class=\"entry-content-header\"><h3 class='slide-entry-title entry-title '  itemprop=\"headline\" ><a href='https:\/\/www.mib-industriebeteiligungen.de\/wp-content\/uploads\/2020\/11\/Unternehmeredition-3-2020_Das_Lebenswerk_in_die_richtigen_Haende_legen.pdf' title='Putting your life&#8217;s work in the right hands'>Putting your life&#8217;s work in the right hands<\/a><\/h3><span class=\"av-vertical-delimiter\"><\/span><\/header><div class='slide-meta'><div class='slide-meta-comments'><a href='https:\/\/www.mib-industriebeteiligungen.de\/wp-content\/uploads\/2020\/11\/Unternehmeredition-3-2020_Das_Lebenswerk_in_die_richtigen_Haende_legen.pdf#respond'>0 Comments<\/a><\/div><div class='slide-meta-del'>\/<\/div><time class='slide-meta-time updated'  itemprop=\"datePublished\" datetime=\"2020-11-26T15:11:01+01:00\" >26. November 2020<\/time><\/div><div class='slide-entry-excerpt entry-content'  itemprop=\"text\" >The coronavirus pandemic has completely rearranged the market. While company owners in sectors that are benefiting from the crisis can expect high sales prices, those that lose out to corona easily become the target of bargain hunters. \r\n\r\n<div class=\"read-more-link\"><a href=\"https:\/\/www.mib-industriebeteiligungen.de\/wp-content\/uploads\/2020\/11\/Unternehmeredition-3-2020_Das_Lebenswerk_in_die_richtigen_Haende_legen.pdf\" class=\"more-link\">Read more<span class=\"more-link-arrow\"><\/span><\/a><\/div><\/div><\/div><footer class=\"entry-footer\"><\/footer><span class='hidden'>\n\t\t\t\t<span class='av-structured-data'  itemprop=\"image\" itemscope=\"itemscope\" itemtype=\"https:\/\/schema.org\/ImageObject\" >\n\t\t\t\t\t\t<span itemprop='url'>https:\/\/www.mib-industriebeteiligungen.de\/wp-content\/uploads\/2020\/11\/mib_aktuelles_investoren-mittelstand.jpg<\/span>\n\t\t\t\t\t\t<span itemprop='height'>450<\/span>\n\t\t\t\t\t\t<span itemprop='width'>667<\/span>\n\t\t\t\t<\/span>\n\t\t\t\t<span class='av-structured-data'  itemprop=\"publisher\" itemtype=\"https:\/\/schema.org\/Organization\" itemscope=\"itemscope\" >\n\t\t\t\t\t\t<span itemprop='name'>pixel-admin<\/span>\n\t\t\t\t\t\t<span itemprop='logo' itemscope itemtype='https:\/\/schema.org\/ImageObject'>\n\t\t\t\t\t\t\t<span itemprop='url'>https:\/\/www.mib-industriebeteiligungen.de\/wp-content\/uploads\/2019\/09\/mib_logo.svg<\/span>\n\t\t\t\t\t\t<\/span>\n\t\t\t\t<\/span><span class='av-structured-data'  itemprop=\"author\" itemscope=\"itemscope\" itemtype=\"https:\/\/schema.org\/Person\" ><span itemprop='name'>pixel-admin<\/span><\/span><span class='av-structured-data'  itemprop=\"datePublished\" datetime=\"2020-11-26T10:02:12+01:00\" >2020-11-26 15:11:01<\/span><span class='av-structured-data'  itemprop=\"dateModified\" itemtype=\"https:\/\/schema.org\/dateModified\" >2021-05-25 14:50:19<\/span><span class='av-structured-data'  itemprop=\"mainEntityOfPage\" itemtype=\"https:\/\/schema.org\/mainEntityOfPage\" ><span itemprop='name'>Putting your life&#8217;s work in the right hands<\/span><\/span><\/span><\/article><\/div><div class='slide-entry-wrap'><article class='slide-entry flex_column  post-entry post-entry-1638 slide-entry-overview slide-loop-7 slide-parity-odd  post-entry-last  av_one_third first real-thumbnail post-format-standard'  itemscope=\"itemscope\" itemtype=\"https:\/\/schema.org\/CreativeWork\" ><a href='https:\/\/www.mib-industriebeteiligungen.de\/en\/unternehmen\/aktuelles-presse\/mib-acquires-schwarz-abschirmtechnik-gmbh-co-kg\/' data-rel='slide-1' class='slide-image' title='MIB acquires Schwarz Abschirmtechnik GmbH &#038; Co. KG'><img decoding=\"async\" fetchpriority=\"high\" width=\"667\" height=\"450\" src=\"https:\/\/www.mib-industriebeteiligungen.de\/wp-content\/uploads\/2020\/12\/mib_aktuelles_mib-uebernimmt-schwarz.jpg\" class=\"wp-image-1371 avia-img-lazy-loading-not-1371 attachment-no scaling size-no scaling wp-post-image\" alt=\"\" srcset=\"https:\/\/www.mib-industriebeteiligungen.de\/wp-content\/uploads\/2020\/12\/mib_aktuelles_mib-uebernimmt-schwarz.jpg 667w, https:\/\/www.mib-industriebeteiligungen.de\/wp-content\/uploads\/2020\/12\/mib_aktuelles_mib-uebernimmt-schwarz-300x202.jpg 300w\" sizes=\"(max-width: 667px) 100vw, 667px\" \/><\/a><div class='slide-content'><header class=\"entry-content-header\"><h3 class='slide-entry-title entry-title '  itemprop=\"headline\" ><a href='https:\/\/www.mib-industriebeteiligungen.de\/en\/unternehmen\/aktuelles-presse\/mib-acquires-schwarz-abschirmtechnik-gmbh-co-kg\/' title='MIB acquires Schwarz Abschirmtechnik GmbH &#038; Co. KG'>MIB acquires Schwarz Abschirmtechnik GmbH &#038; Co. KG<\/a><\/h3><span class=\"av-vertical-delimiter\"><\/span><\/header><div class='slide-meta'><time class='slide-meta-time updated'  itemprop=\"datePublished\" datetime=\"2020-08-14T14:14:22+02:00\" >14. August 2020<\/time><\/div><div class='slide-entry-excerpt entry-content'  itemprop=\"text\" >The Wuppertal-based MIB Industriebeteiligungen GmbH & Co. KG acquires a leading specialist provider of solutions in the field of high frequency (HF) and magnetic field (MF) shielding.<div class=\"read-more-link\"><a href=\"https:\/\/www.mib-industriebeteiligungen.de\/en\/unternehmen\/aktuelles-presse\/mib-acquires-schwarz-abschirmtechnik-gmbh-co-kg\/\" class=\"more-link\">Read more<span class=\"more-link-arrow\"><\/span><\/a><\/div><\/div><\/div><footer class=\"entry-footer\"><\/footer><span class='hidden'>\n\t\t\t\t<span class='av-structured-data'  itemprop=\"image\" itemscope=\"itemscope\" itemtype=\"https:\/\/schema.org\/ImageObject\" >\n\t\t\t\t\t\t<span itemprop='url'>https:\/\/www.mib-industriebeteiligungen.de\/wp-content\/uploads\/2020\/12\/mib_aktuelles_mib-uebernimmt-schwarz.jpg<\/span>\n\t\t\t\t\t\t<span itemprop='height'>450<\/span>\n\t\t\t\t\t\t<span itemprop='width'>667<\/span>\n\t\t\t\t<\/span>\n\t\t\t\t<span class='av-structured-data'  itemprop=\"publisher\" itemtype=\"https:\/\/schema.org\/Organization\" itemscope=\"itemscope\" >\n\t\t\t\t\t\t<span itemprop='name'>pixel-admin<\/span>\n\t\t\t\t\t\t<span itemprop='logo' itemscope itemtype='https:\/\/schema.org\/ImageObject'>\n\t\t\t\t\t\t\t<span itemprop='url'>https:\/\/www.mib-industriebeteiligungen.de\/wp-content\/uploads\/2019\/09\/mib_logo.svg<\/span>\n\t\t\t\t\t\t<\/span>\n\t\t\t\t<\/span><span class='av-structured-data'  itemprop=\"author\" itemscope=\"itemscope\" itemtype=\"https:\/\/schema.org\/Person\" ><span itemprop='name'>pixel-admin<\/span><\/span><span class='av-structured-data'  itemprop=\"datePublished\" datetime=\"2020-11-26T10:02:12+01:00\" >2020-08-14 14:14:22<\/span><span class='av-structured-data'  itemprop=\"dateModified\" itemtype=\"https:\/\/schema.org\/dateModified\" >2021-05-25 16:04:17<\/span><span class='av-structured-data'  itemprop=\"mainEntityOfPage\" itemtype=\"https:\/\/schema.org\/mainEntityOfPage\" ><span itemprop='name'>MIB acquires Schwarz Abschirmtechnik GmbH &#038; Co. KG<\/span><\/span><\/span><\/article><\/div><\/div><\/div><\/div>\n<\/p>\n","protected":false},"excerpt":{"rendered":"","protected":false},"author":1,"featured_media":0,"parent":1423,"menu_order":2,"comment_status":"closed","ping_status":"closed","template":"","meta":{"_acf_changed":false,"inline_featured_image":false,"footnotes":""},"class_list":["post-1436","page","type-page","status-publish","hentry"],"acf":[],"yoast_head":"<!-- This site is optimized with the Yoast SEO plugin v27.3 - https:\/\/yoast.com\/product\/yoast-seo-wordpress\/ -->\n<title>News &amp; Press - MIB Industriebeteiligungen<\/title>\n<meta name=\"robots\" content=\"index, follow, max-snippet:-1, max-image-preview:large, max-video-preview:-1\" \/>\n<link rel=\"canonical\" href=\"https:\/\/www.mib-industriebeteiligungen.de\/en\/company\/news-press\/\" \/>\n<meta property=\"og:locale\" content=\"en_US\" \/>\n<meta property=\"og:type\" content=\"article\" \/>\n<meta property=\"og:title\" content=\"News &amp; Press - MIB Industriebeteiligungen\" \/>\n<meta property=\"og:url\" content=\"https:\/\/www.mib-industriebeteiligungen.de\/en\/company\/news-press\/\" \/>\n<meta property=\"og:site_name\" content=\"MIB Industriebeteiligungen\" \/>\n<meta property=\"article:modified_time\" content=\"2025-11-17T16:26:33+00:00\" \/>\n<meta name=\"twitter:card\" content=\"summary_large_image\" \/>\n<meta name=\"twitter:label1\" content=\"Est. reading time\" \/>\n\t<meta name=\"twitter:data1\" content=\"7 minutes\" \/>\n<script type=\"application\/ld+json\" class=\"yoast-schema-graph\">{\"@context\":\"https:\\\/\\\/schema.org\",\"@graph\":[{\"@type\":\"WebPage\",\"@id\":\"https:\\\/\\\/www.mib-industriebeteiligungen.de\\\/en\\\/company\\\/news-press\\\/\",\"url\":\"https:\\\/\\\/www.mib-industriebeteiligungen.de\\\/en\\\/company\\\/news-press\\\/\",\"name\":\"News & Press - MIB Industriebeteiligungen\",\"isPartOf\":{\"@id\":\"https:\\\/\\\/www.mib-industriebeteiligungen.de\\\/#website\"},\"datePublished\":\"2020-11-26T09:02:12+00:00\",\"dateModified\":\"2025-11-17T16:26:33+00:00\",\"breadcrumb\":{\"@id\":\"https:\\\/\\\/www.mib-industriebeteiligungen.de\\\/en\\\/company\\\/news-press\\\/#breadcrumb\"},\"inLanguage\":\"en-US\",\"potentialAction\":[{\"@type\":\"ReadAction\",\"target\":[\"https:\\\/\\\/www.mib-industriebeteiligungen.de\\\/en\\\/company\\\/news-press\\\/\"]}]},{\"@type\":\"BreadcrumbList\",\"@id\":\"https:\\\/\\\/www.mib-industriebeteiligungen.de\\\/en\\\/company\\\/news-press\\\/#breadcrumb\",\"itemListElement\":[{\"@type\":\"ListItem\",\"position\":1,\"name\":\"Startseite\",\"item\":\"https:\\\/\\\/www.mib-industriebeteiligungen.de\\\/en\\\/home\\\/\"},{\"@type\":\"ListItem\",\"position\":2,\"name\":\"Company\",\"item\":\"https:\\\/\\\/www.mib-industriebeteiligungen.de\\\/en\\\/company\\\/\"},{\"@type\":\"ListItem\",\"position\":3,\"name\":\"News &#038; Press\"}]},{\"@type\":\"WebSite\",\"@id\":\"https:\\\/\\\/www.mib-industriebeteiligungen.de\\\/#website\",\"url\":\"https:\\\/\\\/www.mib-industriebeteiligungen.de\\\/\",\"name\":\"MIB Industriebeteiligungen\",\"description\":\"Potenziale entwickeln und begleiten\",\"potentialAction\":[{\"@type\":\"SearchAction\",\"target\":{\"@type\":\"EntryPoint\",\"urlTemplate\":\"https:\\\/\\\/www.mib-industriebeteiligungen.de\\\/?s={search_term_string}\"},\"query-input\":{\"@type\":\"PropertyValueSpecification\",\"valueRequired\":true,\"valueName\":\"search_term_string\"}}],\"inLanguage\":\"en-US\"}]}<\/script>\n<!-- \/ Yoast SEO plugin. -->","yoast_head_json":{"title":"News & Press - MIB Industriebeteiligungen","robots":{"index":"index","follow":"follow","max-snippet":"max-snippet:-1","max-image-preview":"max-image-preview:large","max-video-preview":"max-video-preview:-1"},"canonical":"https:\/\/www.mib-industriebeteiligungen.de\/en\/company\/news-press\/","og_locale":"en_US","og_type":"article","og_title":"News & Press - MIB Industriebeteiligungen","og_url":"https:\/\/www.mib-industriebeteiligungen.de\/en\/company\/news-press\/","og_site_name":"MIB Industriebeteiligungen","article_modified_time":"2025-11-17T16:26:33+00:00","twitter_card":"summary_large_image","twitter_misc":{"Est. reading time":"7 minutes"},"schema":{"@context":"https:\/\/schema.org","@graph":[{"@type":"WebPage","@id":"https:\/\/www.mib-industriebeteiligungen.de\/en\/company\/news-press\/","url":"https:\/\/www.mib-industriebeteiligungen.de\/en\/company\/news-press\/","name":"News & Press - MIB Industriebeteiligungen","isPartOf":{"@id":"https:\/\/www.mib-industriebeteiligungen.de\/#website"},"datePublished":"2020-11-26T09:02:12+00:00","dateModified":"2025-11-17T16:26:33+00:00","breadcrumb":{"@id":"https:\/\/www.mib-industriebeteiligungen.de\/en\/company\/news-press\/#breadcrumb"},"inLanguage":"en-US","potentialAction":[{"@type":"ReadAction","target":["https:\/\/www.mib-industriebeteiligungen.de\/en\/company\/news-press\/"]}]},{"@type":"BreadcrumbList","@id":"https:\/\/www.mib-industriebeteiligungen.de\/en\/company\/news-press\/#breadcrumb","itemListElement":[{"@type":"ListItem","position":1,"name":"Startseite","item":"https:\/\/www.mib-industriebeteiligungen.de\/en\/home\/"},{"@type":"ListItem","position":2,"name":"Company","item":"https:\/\/www.mib-industriebeteiligungen.de\/en\/company\/"},{"@type":"ListItem","position":3,"name":"News &#038; Press"}]},{"@type":"WebSite","@id":"https:\/\/www.mib-industriebeteiligungen.de\/#website","url":"https:\/\/www.mib-industriebeteiligungen.de\/","name":"MIB Industriebeteiligungen","description":"Potenziale entwickeln und begleiten","potentialAction":[{"@type":"SearchAction","target":{"@type":"EntryPoint","urlTemplate":"https:\/\/www.mib-industriebeteiligungen.de\/?s={search_term_string}"},"query-input":{"@type":"PropertyValueSpecification","valueRequired":true,"valueName":"search_term_string"}}],"inLanguage":"en-US"}]}},"_links":{"self":[{"href":"https:\/\/www.mib-industriebeteiligungen.de\/en\/wp-json\/wp\/v2\/pages\/1436","targetHints":{"allow":["GET"]}}],"collection":[{"href":"https:\/\/www.mib-industriebeteiligungen.de\/en\/wp-json\/wp\/v2\/pages"}],"about":[{"href":"https:\/\/www.mib-industriebeteiligungen.de\/en\/wp-json\/wp\/v2\/types\/page"}],"author":[{"embeddable":true,"href":"https:\/\/www.mib-industriebeteiligungen.de\/en\/wp-json\/wp\/v2\/users\/1"}],"replies":[{"embeddable":true,"href":"https:\/\/www.mib-industriebeteiligungen.de\/en\/wp-json\/wp\/v2\/comments?post=1436"}],"version-history":[{"count":4,"href":"https:\/\/www.mib-industriebeteiligungen.de\/en\/wp-json\/wp\/v2\/pages\/1436\/revisions"}],"predecessor-version":[{"id":1437,"href":"https:\/\/www.mib-industriebeteiligungen.de\/en\/wp-json\/wp\/v2\/pages\/1436\/revisions\/1437"}],"up":[{"embeddable":true,"href":"https:\/\/www.mib-industriebeteiligungen.de\/en\/wp-json\/wp\/v2\/pages\/1423"}],"wp:attachment":[{"href":"https:\/\/www.mib-industriebeteiligungen.de\/en\/wp-json\/wp\/v2\/media?parent=1436"}],"curies":[{"name":"wp","href":"https:\/\/api.w.org\/{rel}","templated":true}]}}